{"id":11206,"date":"2025-05-31T14:30:00","date_gmt":"2025-05-31T12:30:00","guid":{"rendered":"https:\/\/ff-hemhofen-zeckern.de\/?post_type=einsatz&#038;p=11206"},"modified":"2025-05-31T18:48:13","modified_gmt":"2025-05-31T16:48:13","slug":"absicherung-transport-zeckerner-kerwasbaums","status":"publish","type":"einsatz","link":"https:\/\/ff-hemhofen-zeckern.de\/?einsatz=absicherung-transport-zeckerner-kerwasbaums","title":{"rendered":"Absicherung Transport Zeckerner Kerwasbaum\u00b4s"},"content":{"rendered":"<p>Anl\u00e4sslich der Zeckerner Kerwa wurden wir beauftragt den Transport des Kerwasbaum\u00b4s abzusichern. Die Route f\u00fchrte vom Zeckerner Friedhof \u00fcber die Zeckerner Hauptstra\u00dfe bis zum Festplatz Zeckern Bahnhof. Hierzu sperrten wir die komplette Zeckerner Hauptstra\u00dfe, sowie die Zufahrten aus allen Querstra\u00dfen.<\/p>\n","protected":false},"author":1,"featured_media":11207,"template":"","meta":{"einsatz_weight":1,"footnotes":""},"categories":[230],"einsatzart":[492],"fahrzeug":[586,461,460],"exteinsatzmittel":[],"alarmierungsart":[459],"evw_unit":[],"class_list":["post-11206","einsatz","type-einsatz","status-publish","has-post-thumbnail","hentry","category-einsatz","einsatzart-verkehrssicherrung","fahrzeug-hlf-20","fahrzeug-kdow-mzf","fahrzeug-lf-20","alarmierungsart-app"],"_links":{"self":[{"href":"https:\/\/ff-hemhofen-zeckern.de\/index.php?rest_route=\/wp\/v2\/einsatz\/11206","targetHints":{"allow":["GET"]}}],"collection":[{"href":"https:\/\/ff-hemhofen-zeckern.de\/index.php?rest_route=\/wp\/v2\/einsatz"}],"about":[{"href":"https:\/\/ff-hemhofen-zeckern.de\/index.php?rest_route=\/wp\/v2\/types\/einsatz"}],"author":[{"embeddable":true,"href":"https:\/\/ff-hemhofen-zeckern.de\/index.php?rest_route=\/wp\/v2\/users\/1"}],"version-history":[{"count":1,"href":"https:\/\/ff-hemhofen-zeckern.de\/index.php?rest_route=\/wp\/v2\/einsatz\/11206\/revisions"}],"predecessor-version":[{"id":11208,"href":"https:\/\/ff-hemhofen-zeckern.de\/index.php?rest_route=\/wp\/v2\/einsatz\/11206\/revisions\/11208"}],"wp:featuredmedia":[{"embeddable":true,"href":"https:\/\/ff-hemhofen-zeckern.de\/index.php?rest_route=\/wp\/v2\/media\/11207"}],"wp:attachment":[{"href":"https:\/\/ff-hemhofen-zeckern.de\/index.php?rest_route=%2Fwp%2Fv2%2Fmedia&parent=11206"}],"wp:term":[{"taxonomy":"category","embeddable":true,"href":"https:\/\/ff-hemhofen-zeckern.de\/index.php?rest_route=%2Fwp%2Fv2%2Fcategories&post=11206"},{"taxonomy":"einsatzart","embeddable":true,"href":"https:\/\/ff-hemhofen-zeckern.de\/index.php?rest_route=%2Fwp%2Fv2%2Feinsatzart&post=11206"},{"taxonomy":"fahrzeug","embeddable":true,"href":"https:\/\/ff-hemhofen-zeckern.de\/index.php?rest_route=%2Fwp%2Fv2%2Ffahrzeug&post=11206"},{"taxonomy":"exteinsatzmittel","embeddable":true,"href":"https:\/\/ff-hemhofen-zeckern.de\/index.php?rest_route=%2Fwp%2Fv2%2Fexteinsatzmittel&post=11206"},{"taxonomy":"alarmierungsart","embeddable":true,"href":"https:\/\/ff-hemhofen-zeckern.de\/index.php?rest_route=%2Fwp%2Fv2%2Falarmierungsart&post=11206"},{"taxonomy":"evw_unit","embeddable":true,"href":"https:\/\/ff-hemhofen-zeckern.de\/index.php?rest_route=%2Fwp%2Fv2%2Fevw_unit&post=11206"}],"curies":[{"name":"wp","href":"https:\/\/api.w.org\/{rel}","templated":true}]}}